{"id":525,"date":"2015-11-19T17:26:03","date_gmt":"2015-11-19T17:26:03","guid":{"rendered":"http:\/\/theme-fusion.com\/avada\/gym\/?page_id=525"},"modified":"2017-10-17T17:02:50","modified_gmt":"2017-10-17T23:02:50","slug":"historias","status":"publish","type":"page","link":"https:\/\/16599transmedia.org.mx\/index.php\/historias\/","title":{"rendered":"Historias"},"content":{"rendered":"<div class=\"fusion-fullwidth fullwidth-box fusion-fullwidth-1  fusion-parallax-none nonhundred-percent-fullwidth fusion-equal-height-columns\" style=\"border-color:#25292b;border-bottom-width: 0px;border-top-width: 0px;border-bottom-style: solid;border-top-style: solid;padding-bottom:50px;padding-top:50px;padding-left:;padding-right:;background-color:#25292b;\"><style type=\"text\/css\" scoped=\"scoped\">.fusion-fullwidth-1 {\n                            padding-left: px !important;\n                            padding-right: px !important;\n                        }<\/style><div class=\"fusion-row\"><div class=\"fusion-one-third fusion-layout-column fusion-spacing-yes\" style=\"margin-top:0px;margin-bottom:20px;\"><div class=\"fusion-column-wrapper\"><span class=\"fusion-imageframe imageframe-bottomshadow imageframe-1 element-bottomshadow hover-type-none\"> <img src=\"http:\/\/16599transmedia.org.mx\/wp-content\/uploads\/2016\/03\/puno.jpg\" alt=\"\" class=\"img-responsive\"\/><\/span><div class=\"fusion-clearfix\"><\/div><\/div><\/div><div class=\"fusion-two-third fusion-layout-column fusion-column-last fusion-spacing-yes\" style=\"margin-top:0px;margin-bottom:20px;\"><div class=\"fusion-column-wrapper\"><h2>El pu\u00f1o de la resistencia<\/h2>\n<p>El pu\u00f1o se ha elevado como s\u00edmbolo de valor, dignidad y resistencia. Es sin\u00f3nimo de lucha activa. A principios del siglo XX, en muchos pa\u00edses se levantaba el pu\u00f1o derecho, pero desde hace d\u00e9cadas se coloca el pu\u00f1o izquierdo como un emblema de los movimientos sociales que buscan la justicia y la transformaci\u00f3n social.<\/p>\n<p>El SME incorpor\u00f3 este \u00edcono en su escudo desde su fundaci\u00f3n, con fuertes rayos que representan la materia de trabajo y el manejo de la energ\u00eda el\u00e9ctrica y aluden de alguna manera al mitol\u00f3gico Zeus.<\/p>\n<p><em><strong>\u00a1Este pu\u00f1o si se ve!<\/strong><\/em><\/p>\n<div class=\"fusion-clearfix\"><\/div><\/div><\/div><div class=\"fusion-clearfix\"><\/div><div class=\"fusion-sep-clear\"><\/div><div class=\"fusion-separator fusion-full-width-sep sep-single\" style=\"border-color:#b21414;border-top-width:1px;margin-left: auto;margin-right: auto;margin-top:40px;\"><\/div><\/div><\/div><div class=\"fusion-fullwidth fullwidth-box fusion-fullwidth-2  fusion-parallax-none nonhundred-percent-fullwidth fusion-equal-height-columns\" style=\"border-color:#25292b;border-bottom-width: 0px;border-top-width: 0px;border-bottom-style: solid;border-top-style: solid;padding-bottom:10px;padding-top:10px;padding-left:;padding-right:;background-color:#25292b;\"><style type=\"text\/css\" scoped=\"scoped\">.fusion-fullwidth-2 {\n                            padding-left: px !important;\n                            padding-right: px !important;\n                        }<\/style><div class=\"fusion-row\"><h2 style=\"text-align: center;\">HISTORIAS<\/h2>\n<div class=\"fusion-sep-clear\"><\/div><div class=\"fusion-separator fusion-full-width-sep sep-none\" style=\"border-color:#3e3e3e;margin-left: auto;margin-right: auto;margin-top:35px;\"><\/div><div class=\"fusion-one-half fusion-layout-column fusion-spacing-yes\" style=\"margin-top:0px;margin-bottom:3.5%;\"><div class=\"fusion-column-wrapper\" style=\"background-color:#1e2123;padding:5%;\"><p><a href=\"http:\/\/16599transmedia.org.mx\/index.php\/2016\/02\/19\/olga-lopez-gonzalez\/\"><img loading=\"lazy\" class=\"alignleft wp-image-1272 size-full\" src=\"http:\/\/16599transmedia.org.mx\/wp-content\/uploads\/2015\/11\/pu\u00f1o-rayo.png\" alt=\"\" width=\"150\" height=\"150\" srcset=\"https:\/\/16599transmedia.org.mx\/wp-content\/uploads\/2015\/11\/pu\u00f1o-rayo.png 150w, https:\/\/16599transmedia.org.mx\/wp-content\/uploads\/2015\/11\/pu\u00f1o-rayo-66x66.png 66w\" sizes=\"(max-width: 150px) 100vw, 150px\" \/><\/a><em>\u00abSoy socia comisionada, nunca imagine que despu\u00e9s de tener una estabilidad econ\u00f3mica, de la noche a la ma\u00f1ana un gobierno nefasto me haya arrebatado la posibilidad de realizar mis sue\u00f1os&#8230;\u00bb\u00a0<a href=\"http:\/\/16599transmedia.org.mx\/index.php\/2016\/02\/19\/olga-lopez-gonzalez\/\">LEER M\u00c1S<\/a><br \/>\n<\/em><span style=\"color: #b21414;\"><strong>&#8211; Olga L\u00f3pez Gonz\u00e1lez<\/strong><\/span><\/p>\n<div class=\"fusion-clearfix\"><\/div><\/div><\/div><div class=\"fusion-one-half fusion-layout-column fusion-column-last fusion-spacing-yes\" style=\"margin-top:0px;margin-bottom:3.5%;\"><div class=\"fusion-column-wrapper\" style=\"background-color:#1e2123;padding:5%;\"><p><a href=\"http:\/\/16599transmedia.org.mx\/index.php\/2016\/02\/19\/ismael\/\"><img loading=\"lazy\" class=\"alignleft wp-image-1274 size-full\" src=\"http:\/\/16599transmedia.org.mx\/wp-content\/uploads\/2015\/11\/pu\u00f1o-rayo1.png\" alt=\"pu\u00f1o rayo1\" width=\"150\" height=\"150\" srcset=\"https:\/\/16599transmedia.org.mx\/wp-content\/uploads\/2015\/11\/pu\u00f1o-rayo1.png 150w, https:\/\/16599transmedia.org.mx\/wp-content\/uploads\/2015\/11\/pu\u00f1o-rayo1-66x66.png 66w\" sizes=\"(max-width: 150px) 100vw, 150px\" \/><\/a><em>\u00abMe llamo Ismael tengo 27 a\u00f1os de edad, el decreto de extinci\u00f3n nos afect\u00f3 mucho ya que mi pap\u00e1, mis tres hermanos y yo nos encontr\u00e1bamos laborando en la compa\u00f1\u00eda y pues pr\u00e1cticamente todo se vino abajo&#8230;\u00bb\u00a0<a href=\"http:\/\/16599transmedia.org.mx\/index.php\/2016\/02\/19\/ismael\/\">LEER M\u00c1S<\/a><br \/>\n<\/em><span style=\"color: #b21414;\"><strong>&#8211;\u00a0Ismael<\/strong><\/span><\/p>\n<div class=\"fusion-clearfix\"><\/div><\/div><\/div><div class=\"fusion-clearfix\"><\/div><div class=\"fusion-one-half fusion-layout-column fusion-spacing-yes\" style=\"margin-top:0px;margin-bottom:3.5%;\"><div class=\"fusion-column-wrapper\" style=\"background-color:#1e2123;padding:5%;\"><p><a href=\"http:\/\/16599transmedia.org.mx\/index.php\/2016\/02\/19\/daniel-ocampo-hernandez\/\"><img loading=\"lazy\" class=\"alignleft wp-image-1274 size-full\" src=\"http:\/\/16599transmedia.org.mx\/wp-content\/uploads\/2015\/11\/pu\u00f1o-rayo1.png\" alt=\"pu\u00f1o rayo1\" width=\"150\" height=\"150\" srcset=\"https:\/\/16599transmedia.org.mx\/wp-content\/uploads\/2015\/11\/pu\u00f1o-rayo1.png 150w, https:\/\/16599transmedia.org.mx\/wp-content\/uploads\/2015\/11\/pu\u00f1o-rayo1-66x66.png 66w\" sizes=\"(max-width: 150px) 100vw, 150px\" \/><\/a><em>\u00abTodo empez\u00f3 el 10 de octubre de 2009, cuando recib\u00ed el llamado a nuestro sector y nos dijeron que se hab\u00eda decretado la extinci\u00f3n de Luz y Fuerza del Centro. Estaba reci\u00e9n divorciado, fui a mi casa con mi hija&#8230;\u00bb\u00a0<a href=\"http:\/\/16599transmedia.org.mx\/index.php\/2016\/02\/19\/daniel-ocampo-hernandez\/\">LEER M\u00c1S<\/a><br \/>\n<\/em><span style=\"color: #b21414;\"><strong>&#8211;\u00a0Daniel Ocampo Hern\u00e1ndez<\/strong><\/span><\/p>\n<div class=\"fusion-clearfix\"><\/div><\/div><\/div><div class=\"fusion-one-half fusion-layout-column fusion-column-last fusion-spacing-yes\" style=\"margin-top:0px;margin-bottom:3.5%;\"><div class=\"fusion-column-wrapper\" style=\"background-color:#1e2123;padding:5%;\"><p><a href=\"http:\/\/16599transmedia.org.mx\/index.php\/2016\/02\/19\/raul-fuerte-montoya\/\"><img loading=\"lazy\" class=\"alignleft wp-image-1272 size-full\" src=\"http:\/\/16599transmedia.org.mx\/wp-content\/uploads\/2015\/11\/pu\u00f1o-rayo.png\" alt=\"pu\u00f1o rayo\" width=\"150\" height=\"150\" srcset=\"https:\/\/16599transmedia.org.mx\/wp-content\/uploads\/2015\/11\/pu\u00f1o-rayo.png 150w, https:\/\/16599transmedia.org.mx\/wp-content\/uploads\/2015\/11\/pu\u00f1o-rayo-66x66.png 66w\" sizes=\"(max-width: 150px) 100vw, 150px\" \/><\/a><em>\u00abEn heroica resistencia, del departamento cl. 19-1, Gerencia Comercial, Sucursales. Con un infarto cerebral. Ni eso me detiene para estar en la lucha y alcanzar el triunfo junto con mis hijos nacidos en esta resistencia&#8230;\u00bb\u00a0<a href=\"http:\/\/16599transmedia.org.mx\/index.php\/2016\/02\/19\/raul-fuerte-montoya\/\">LEER M\u00c1S<\/a><br \/>\n<\/em><span style=\"color: #b21414;\"><strong>&#8211;\u00a0Ra\u00fal Fuerte Montoya<\/strong><\/span><\/p>\n<div class=\"fusion-clearfix\"><\/div><\/div><\/div><div class=\"fusion-clearfix\"><\/div><div class=\"fusion-one-half fusion-layout-column fusion-spacing-yes\" style=\"margin-top:0px;margin-bottom:3.5%;\"><div class=\"fusion-column-wrapper\" style=\"background-color:#1e2123;padding:5%;\"><p><a href=\"http:\/\/16599transmedia.org.mx\/index.php\/2016\/02\/19\/arturo-rodea-victoria\/\"><img loading=\"lazy\" class=\"alignleft wp-image-1272 size-full\" src=\"http:\/\/16599transmedia.org.mx\/epcon\/wp-content\/uploads\/2015\/11\/pu\u00f1o-rayo.png\" alt=\"pu\u00f1o rayo\" width=\"150\" height=\"150\" srcset=\"https:\/\/16599transmedia.org.mx\/wp-content\/uploads\/2015\/11\/pu\u00f1o-rayo.png 150w, https:\/\/16599transmedia.org.mx\/wp-content\/uploads\/2015\/11\/pu\u00f1o-rayo-66x66.png 66w\" sizes=\"(max-width: 150px) 100vw, 150px\" \/><\/a><em>\u00abEstaba disfrutando en Zacatl\u00e1n de las Manzanas, en donde acab\u00e1bamos de comprar con nuestros ahorros una cocina, la compramos ah\u00ed porque era donde estaba m\u00e1s barata y ten\u00eda lo que mi esposa quer\u00eda, no sab\u00edamos que ese mismo d\u00eda&#8230;\u00bb\u00a0<a href=\"http:\/\/16599transmedia.org.mx\/index.php\/2016\/02\/19\/arturo-rodea-victoria\/\">LEER M\u00c1S<\/a><br \/>\n<\/em><span style=\"color: #b21414;\"><strong>&#8211;\u00a0Arturo Rodea Victoria<\/strong><\/span><\/p>\n<div class=\"fusion-clearfix\"><\/div><\/div><\/div><div class=\"fusion-one-half fusion-layout-column fusion-column-last fusion-spacing-yes\" style=\"margin-top:0px;margin-bottom:3.5%;\"><div class=\"fusion-column-wrapper\" style=\"background-color:#1e2123;padding:5%;\"><p><a href=\"http:\/\/16599transmedia.org.mx\/index.php\/2016\/02\/19\/moto-club-legendarios-electricos\/\"><img loading=\"lazy\" class=\"alignleft wp-image-1274 size-full\" src=\"http:\/\/16599transmedia.org.mx\/epcon\/wp-content\/uploads\/2015\/11\/pu\u00f1o-rayo1.png\" alt=\"pu\u00f1o rayo1\" width=\"150\" height=\"150\" srcset=\"https:\/\/16599transmedia.org.mx\/wp-content\/uploads\/2015\/11\/pu\u00f1o-rayo1.png 150w, https:\/\/16599transmedia.org.mx\/wp-content\/uploads\/2015\/11\/pu\u00f1o-rayo1-66x66.png 66w\" sizes=\"(max-width: 150px) 100vw, 150px\" \/><\/a><em>\u00abMOTO CLUB LEGENDARIOS EL\u00c9CTRICOS Somos en M\u00e9xico el \u00fanico MOTO CLUB nacido de la resistencia obrera, despu\u00e9s de que Felipe Calder\u00f3n decidi\u00f3 liquidar a Luz y Fuerza del Centro formamos nuestro Moto Club&#8230;\u00bb\u00a0<a href=\"http:\/\/16599transmedia.org.mx\/index.php\/2016\/02\/19\/moto-club-legendarios-electricos\/\">LEER M\u00c1S<\/a><br \/>\n<\/em><span style=\"color: #b21414;\"><strong>&#8211; Moto Club Legendarios El\u00e9ctricos<\/strong><\/span><\/p>\n<div class=\"fusion-clearfix\"><\/div><\/div><\/div><div class=\"fusion-clearfix\"><\/div><div class=\"fusion-one-half fusion-layout-column fusion-column-last fusion-spacing-yes\" style=\"margin-top:0px;margin-bottom:3.5%;\"><div class=\"fusion-column-wrapper\" style=\"background-color:#1e2123;padding:5%;\"><p><a href=\"http:\/\/16599transmedia.org.mx\/index.php\/2016\/02\/19\/alma-delia-aguilar\/\"><img loading=\"lazy\" class=\"alignleft wp-image-1274 size-full\" src=\"http:\/\/16599transmedia.org.mx\/epcon\/wp-content\/uploads\/2015\/11\/pu\u00f1o-rayo1.png\" alt=\"pu\u00f1o rayo1\" width=\"150\" height=\"150\" srcset=\"https:\/\/16599transmedia.org.mx\/wp-content\/uploads\/2015\/11\/pu\u00f1o-rayo1.png 150w, https:\/\/16599transmedia.org.mx\/wp-content\/uploads\/2015\/11\/pu\u00f1o-rayo1-66x66.png 66w\" sizes=\"(max-width: 150px) 100vw, 150px\" \/><\/a><em>\u00abMe llamo Alma Delia Aguilar , mi departamento es auditoria yo estaba apunto de jubilarme el decreto de extinci\u00f3n me lo impidi\u00f3. Tengo tres hijos apartir del decreto mis hijos se vieron afectados&#8230;\u00bb\u00a0<a href=\"http:\/\/16599transmedia.org.mx\/index.php\/2016\/02\/19\/alma-delia-aguilar\/\">LEER M\u00c1S&#8230;<\/a><br \/>\n<\/em><span style=\"color: #b21414;\"><strong>&#8211;\u00a0Alma<\/strong><\/span><\/p>\n<div class=\"fusion-clearfix\"><\/div><\/div><\/div><div class=\"fusion-clearfix\"><\/div><\/div><\/div><div class=\"fusion-bg-parallax\" data-bg-align=\"left top\" data-direction=\"up\" data-mute=\"yes\" data-opacity=\"100\" data-velocity=\"-0.3\" data-mobile-enabled=\"false\" data-break-parents=\"0\" data-bg-image=\"http:\/\/16599transmedia.org.mx\/epcon\/wp-content\/uploads\/2015\/11\/rojo-oscuro2.jpg\" data-bg-repeat=\"false\"><\/div><div class=\"fusion-fullwidth fullwidth-box fusion-fullwidth-3  fusion-parallax-up nonhundred-percent-fullwidth fusion-equal-height-columns\" style=\"border-color:#25292b;border-bottom-width: 0px;border-top-width: 0px;border-bottom-style: solid;border-top-style: solid;padding-bottom:50px;padding-top:65px;padding-left:;padding-right:;\"><style type=\"text\/css\" scoped=\"scoped\">.fusion-fullwidth-3 {\n                            padding-left: px !important;\n                            padding-right: px !important;\n                        }<\/style><div class=\"fusion-row\"><div class=\"fusion-three-fourth fusion-layout-column fusion-spacing-yes\" style=\"margin-top:0px;margin-bottom:0px;\"><div class=\"fusion-column-wrapper\"><h2><span style=\"color: #ffffff;\">Cuenta tu historia<\/span><\/h2>\n<p><span style=\"color: #ffffff;\">Este espacio es para contar historias de la vida en resistencia por sus propios protagonistas.<\/span><br \/>\n<span style=\"color: #ffffff;\"> Para conocer y publicar tu historia env\u00edala con un m\u00e1ximo de 1000 caracteres a:<\/span><br \/>\n<strong><span style=\"color: #ffffff;\"> mihistoria@16599transmedia.org.mx<\/span><\/strong><\/p>\n<div class=\"fusion-clearfix\"><\/div><\/div><\/div><div class=\"fusion-one-fourth fusion-layout-column fusion-column-last fusion-spacing-yes\" style=\"margin-top:0px;margin-bottom:20px;\"><div class=\"fusion-column-wrapper\"><div class=\"fusion-column-table\"><div class=\"fusion-column-tablecell\"><div class=\"fusion-button-wrapper fusion-alignleft\"><style type=\"text\/css\" scoped=\"scoped\">.fusion-button.button-1 .fusion-button-text, .fusion-button.button-1 i {color:rgba(255,255,255,.6);}.fusion-button.button-1 {border-width:1px;border-color:rgba(255,255,255,.6);}.fusion-button.button-1 .fusion-button-icon-divider{border-color:rgba(255,255,255,.6);}.fusion-button.button-1:hover .fusion-button-text, .fusion-button.button-1:hover i,.fusion-button.button-1:focus .fusion-button-text, .fusion-button.button-1:focus i,.fusion-button.button-1:active .fusion-button-text, .fusion-button.button-1:active{color:#ffffff;}.fusion-button.button-1:hover, .fusion-button.button-1:focus, .fusion-button.button-1:active{border-width:1px;border-color:#ffffff;}.fusion-button.button-1:hover .fusion-button-icon-divider, .fusion-button.button-1:hover .fusion-button-icon-divider, .fusion-button.button-1:active .fusion-button-icon-divider{border-color:#ffffff;}.fusion-button.button-1{background: transparent;}.fusion-button.button-1:hover,.button-1:focus,.fusion-button.button-1:active{background: transparent;}.fusion-button.button-1{width:auto;}<\/style><a class=\"fusion-button button-flat button-square button-xlarge button-custom button-1\" target=\"_self\" href=\"http:\/\/16599transmedia.org.mx\/index.php\/contacto\/\"><span class=\"fusion-button-text\">Cont\u00e1ctanos<\/span><\/a><\/div><div class=\"fusion-clearfix\"><\/div><\/div><\/div><\/div><\/div><div class=\"fusion-clearfix\"><\/div><\/div><\/div>\n","protected":false},"excerpt":{"rendered":"","protected":false},"author":1,"featured_media":0,"parent":0,"menu_order":0,"comment_status":"closed","ping_status":"closed","template":"100-width.php","meta":[],"_links":{"self":[{"href":"https:\/\/16599transmedia.org.mx\/index.php\/wp-json\/wp\/v2\/pages\/525"}],"collection":[{"href":"https:\/\/16599transmedia.org.mx\/index.php\/wp-json\/wp\/v2\/pages"}],"about":[{"href":"https:\/\/16599transmedia.org.mx\/index.php\/wp-json\/wp\/v2\/types\/page"}],"author":[{"embeddable":true,"href":"https:\/\/16599transmedia.org.mx\/index.php\/wp-json\/wp\/v2\/users\/1"}],"replies":[{"embeddable":true,"href":"https:\/\/16599transmedia.org.mx\/index.php\/wp-json\/wp\/v2\/comments?post=525"}],"version-history":[{"count":54,"href":"https:\/\/16599transmedia.org.mx\/index.php\/wp-json\/wp\/v2\/pages\/525\/revisions"}],"predecessor-version":[{"id":1963,"href":"https:\/\/16599transmedia.org.mx\/index.php\/wp-json\/wp\/v2\/pages\/525\/revisions\/1963"}],"wp:attachment":[{"href":"https:\/\/16599transmedia.org.mx\/index.php\/wp-json\/wp\/v2\/media?parent=525"}],"curies":[{"name":"wp","href":"https:\/\/api.w.org\/{rel}","templated":true}]}}