{"id":73,"date":"2015-05-12T16:43:06","date_gmt":"2015-05-12T16:43:06","guid":{"rendered":"http:\/\/theme-fusion.com\/avada\/gym\/?page_id=73"},"modified":"2017-10-17T16:45:54","modified_gmt":"2017-10-17T22:45:54","slug":"home","status":"publish","type":"page","link":"https:\/\/16599transmedia.org.mx\/","title":{"rendered":"Home"},"content":{"rendered":"<div class=\"fusion-fullwidth fullwidth-box fusion-fullwidth-1  fusion-parallax-none hundred-percent-fullwidth\" style=\"border-color:#25292b;border-bottom-width: 0px;border-top-width: 0px;border-bottom-style: solid;border-top-style: solid;padding-bottom:0px;padding-top:10px;padding-left:;padding-right:;background-color:#a8a8a8;\"><style type=\"text\/css\" scoped=\"scoped\">.fusion-fullwidth-1 {\n                            padding-left: px !important;\n                            padding-right: px !important;\n                        }<\/style><div class=\"fusion-row\"><div class=\"fusion-title title fusion-sep-none fusion-title-center fusion-title-size-four\" style=\"margin-bottom:10px;\"><h4 class=\"title-heading-center\"><span style=\"color: #3d3d3d;\">Este sitio se alimenta de tus historias y est\u00e1 en constante crecimiento.<br \/>\n\u00danete a nuestro bolet\u00edn para mantenerte informado.<\/span><\/h4><\/div><center><script>(function() {\n\twindow.mc4wp = window.mc4wp || {\n\t\tlisteners: [],\n\t\tforms: {\n\t\t\ton: function(evt, cb) {\n\t\t\t\twindow.mc4wp.listeners.push(\n\t\t\t\t\t{\n\t\t\t\t\t\tevent   : evt,\n\t\t\t\t\t\tcallback: cb\n\t\t\t\t\t}\n\t\t\t\t);\n\t\t\t}\n\t\t}\n\t}\n})();\n<\/script><!-- Mailchimp for WordPress v4.9.18 - https:\/\/wordpress.org\/plugins\/mailchimp-for-wp\/ --><form id=\"mc4wp-form-1\" class=\"mc4wp-form mc4wp-form-1468 mc4wp-form-theme mc4wp-form-theme-dark\" method=\"post\" data-id=\"1468\" data-name=\"\" ><div class=\"mc4wp-form-fields\"><p>\r\n\t<input type=\"email\" name=\"EMAIL\" placeholder=\"Tu direcci\u00f3n de correo electr\u00f3nico\" required \/>\r\n<\/p>\r\n<p>\r\n\t<input type=\"submit\" value=\"Unirse\" \/>\r\n<\/p><\/div><label style=\"display: none !important;\">Deja vac\u00edo este campo si eres humano: <input type=\"text\" name=\"_mc4wp_honeypot\" value=\"\" tabindex=\"-1\" autocomplete=\"off\" \/><\/label><input type=\"hidden\" name=\"_mc4wp_timestamp\" value=\"1777716993\" \/><input type=\"hidden\" name=\"_mc4wp_form_id\" value=\"1468\" \/><input type=\"hidden\" name=\"_mc4wp_form_element_id\" value=\"mc4wp-form-1\" \/><div class=\"mc4wp-response\"><\/div><\/form><!-- \/ Mailchimp for WordPress Plugin --><center><\/div><\/div><div class=\"fusion-fullwidth fullwidth-box fusion-fullwidth-2  fusion-parallax-none nonhundred-percent-fullwidth\" style=\"border-color:#25292b;border-bottom-width: 0px;border-top-width: 0px;border-bottom-style: solid;border-top-style: solid;padding-bottom:0px;padding-top:50px;padding-left:;padding-right:;background-color:#ffffff;\"><style type=\"text\/css\" scoped=\"scoped\">.fusion-fullwidth-2 {\n                            padding-left: px !important;\n                            padding-right: px !important;\n                        }<\/style><div class=\"fusion-row\"><div class=\"fusion-title title fusion-sep-none fusion-title-size-two\" style=\"margin-bottom:30px;\"><h2 class=\"title-heading-left\"><span style=\"color: #b21414;\">La lucha de los electricistas<\/span><\/h2><\/div><div class=\"fusion-one-half fusion-layout-column fusion-spacing-yes\" style=\"margin-top:0px;margin-bottom:20px;\"><div class=\"fusion-column-wrapper\"><div class=\"columna\">\n<p style=\"text-align: justify;\"><span style=\"color: #333333;\">El 11 de octubre del 2009, los trabajadores de Luz y Fuerza del Centro fueron lanzados a la calle por un decreto presidencial emitido por el ex presidente Felipe Calder\u00f3n. <\/span><\/p>\n<p style=\"text-align: justify;\"><span style=\"color: #333333;\">44 mil electricistas se quedaron sin trabajo de un d\u00eda para otro y sin recibir ninguna notificaci\u00f3n sobre el asunto.<\/span><\/p>\n<p style=\"text-align: justify;\"><span style=\"color: #333333;\">16,599\u00a0rechazaron la liquidaci\u00f3n que les ofrec\u00eda el gobierno y se quedaron a luchar para recuperar su trabajo y mantener vivo a su sindicato.<\/span><\/p>\n<\/div>\n<div class=\"columna\"><\/div>\n<div class=\"fusion-clearfix\"><\/div><\/div><\/div><div class=\"fusion-one-half fusion-layout-column fusion-column-last fusion-spacing-yes\" style=\"margin-top:0px;margin-bottom:20px;\"><div class=\"fusion-column-wrapper\"><div class=\"columna\" style=\"text-align: justify;\"><span style=\"color: #333333;\">Los electricistas formaron un movimiento de resistencia que ha pasado por huelgas de hambre colectivas, movilizaciones, presos pol\u00edticos, caravanas, demandas legales y quejas como la que presentaron ante la Comisi\u00f3n Interamericana de Derechos Humanos. <\/span><\/div>\n<div class=\"columna\" style=\"text-align: justify;\"><\/div>\n<div class=\"columna\" style=\"text-align: justify;\"><span style=\"color: #333333;\">Ante el escenario de aprobaci\u00f3n apresurada de la Reforma de la Ley Energ\u00e9tica que culminar\u00e1 con la privatizaci\u00f3n del sector,\u00a0los electricistas protagonizan una batalla in\u00e9dita por la justicia del trabajador y por la energ\u00eda el\u00e9ctrica como un derecho humano.<\/span><\/div>\n<div class=\"fusion-clearfix\"><\/div><\/div><\/div><div class=\"fusion-clearfix\"><\/div><\/div><\/div><div class=\"fusion-fullwidth fullwidth-box fusion-fullwidth-3  fusion-parallax-none nonhundred-percent-fullwidth\" style=\"border-color:#25292b;border-bottom-width: 0px;border-top-width: 0px;border-bottom-style: solid;border-top-style: solid;padding-bottom:20px;padding-top:20px;padding-left:;padding-right:;background-color:#ffffff;\"><style type=\"text\/css\" scoped=\"scoped\">.fusion-fullwidth-3 {\n                            padding-left: px !important;\n                            padding-right: px !important;\n                        }<\/style><div class=\"fusion-row\"><div class=\"fusion-sep-clear\"><\/div><div class=\"fusion-separator fusion-full-width-sep sep-shadow\" style=\"background:radial-gradient(ellipse at 50% -50% , #25292b 0px, rgba(255, 255, 255, 0) 80%) repeat scroll 0 0 rgba(0, 0, 0, 0);background:-webkit-radial-gradient(ellipse at 50% -50% , #25292b 0px, rgba(255, 255, 255, 0) 80%) repeat scroll 0 0 rgba(0, 0, 0, 0);background:-moz-radial-gradient(ellipse at 50% -50% , #25292b 0px, rgba(255, 255, 255, 0) 80%) repeat scroll 0 0 rgba(0, 0, 0, 0);background:-o-radial-gradient(ellipse at 50% -50% , #25292b 0px, rgba(255, 255, 255, 0) 80%) repeat scroll 0 0 rgba(0, 0, 0, 0);margin-left: auto;margin-right: auto;margin-top:;margin-bottom:70px;\"><\/div><\/div><\/div><div class=\"fusion-fullwidth fullwidth-box fusion-fullwidth-4  fusion-parallax-none nonhundred-percent-fullwidth fusion-equal-height-columns\" style=\"border-color:#25292b;border-bottom-width: 0px;border-top-width: 0px;border-bottom-style: solid;border-top-style: solid;padding-bottom:110px;padding-top:20px;padding-left:;padding-right:;background-color:#ffffff;\"><style type=\"text\/css\" scoped=\"scoped\">.fusion-fullwidth-4 {\n                            padding-left: px !important;\n                            padding-right: px !important;\n                        }<\/style><div class=\"fusion-row\"><div class=\"fusion-one-third fusion-layout-column fusion-spacing-yes\" style=\"margin-top:0px;margin-bottom:20px;\"><div class=\"fusion-column-wrapper\"><div class=\"fusion-column-table\"><div class=\"fusion-column-tablecell\"><div class=\"fusion-title title fusion-sep-none fusion-title-size-three\" style=\"margin-bottom:30px;\"><h3 class=\"title-heading-left\"><span style=\"color: #b21414;\">Galer\u00edas<\/span><\/h3><\/div><a href=\"http:\/\/16599transmedia.org.mx\/index.php\/galeria\/\"><img src=\"http:\/\/16599transmedia.org.mx\/epcon\/wp-content\/uploads\/2016\/02\/linkgalResistencia.jpg\" width=\"100%\" height=\"100%\" onmouseover=\"this.src='http:\/\/16599transmedia.org.mx\/epcon\/wp-content\/uploads\/2016\/02\/linkgalResistenciaHover.jpg';\" onmouseout=\"this.src='http:\/\/16599transmedia.org.mx\/epcon\/wp-content\/uploads\/2016\/02\/linkgalResistencia.jpg';\"\/><\/a><div class=\"fusion-clearfix\"><\/div><\/div><\/div><\/div><\/div><div class=\"fusion-one-third fusion-layout-column fusion-spacing-no\" style=\"margin-top:0px;margin-bottom:20px;\"><div class=\"fusion-column-wrapper\" style=\"background-color:#000000;padding:20px;\"><div class=\"fusion-column-table\"><div class=\"fusion-column-tablecell\"><div class=\"columna\">\n<h3 style=\"text-align: left;\"><span style=\"color: #ffffff;\">16599 TRANSMEDIA presenta<\/span><br \/>\n<span style=\"color: #ffffff;\"> La lucha de los electricistas del SME<\/span><\/h3>\n<p style=\"text-align: justify;\"><span style=\"color: #ffffff;\"><strong>La lucha de los electricistas del SME ha sido uno de los movimientos de resistencia m\u00e1s prolongados y relevantes en la historia de la clase obrera mexicana, sostenido por un gremio que desde hace un siglo declar\u00f3 en sus principios la igualdad social.<\/strong><\/span><\/p>\n<\/div>\n<div class=\"fusion-button-wrapper fusion-aligncenter\"><style type=\"text\/css\" scoped=\"scoped\">.fusion-button.button-1 .fusion-button-text, .fusion-button.button-1 i {color:#ffffff;}.fusion-button.button-1 {border-width:0px;border-color:#ffffff;}.fusion-button.button-1 .fusion-button-icon-divider{border-color:#ffffff;}.fusion-button.button-1:hover .fusion-button-text, .fusion-button.button-1:hover i,.fusion-button.button-1:focus .fusion-button-text, .fusion-button.button-1:focus i,.fusion-button.button-1:active .fusion-button-text, .fusion-button.button-1:active{color:#ffffff;}.fusion-button.button-1:hover, .fusion-button.button-1:focus, .fusion-button.button-1:active{border-width:0px;border-color:#ffffff;}.fusion-button.button-1:hover .fusion-button-icon-divider, .fusion-button.button-1:hover .fusion-button-icon-divider, .fusion-button.button-1:active .fusion-button-icon-divider{border-color:#ffffff;}.fusion-button.button-1{background: #b21414;}.fusion-button.button-1:hover,.button-1:focus,.fusion-button.button-1:active{background: #cd071e;}.fusion-button.button-1{width:100%;}<\/style><a class=\"fusion-button button-flat button-square button-xlarge button-default button-1\" target=\"_self\" href=\"http:\/\/16599transmedia.org.mx\/index.php\/sme\/\"><span class=\"fusion-button-text\">LEER M\u00c1S<\/span><\/a><\/div><div class=\"fusion-clearfix\"><\/div><\/div><\/div><\/div><\/div><div class=\"fusion-one-third fusion-layout-column fusion-column-last fusion-spacing-yes\" style=\"margin-top:0px;margin-bottom:20px;\"><div class=\"fusion-column-wrapper\" style=\"background:url(http:\/\/16599transmedia.org.mx\/epcon\/wp-content\/uploads\/2015\/05\/FOTO-GRANDE.jpg) center center no-repeat ;-webkit-background-size:cover;-moz-background-size:cover;-o-background-size:cover;background-size:cover;\" data-bg-url=\"http:\/\/16599transmedia.org.mx\/epcon\/wp-content\/uploads\/2015\/05\/FOTO-GRANDE.jpg\"><div class=\"fusion-column-table\"><div class=\"fusion-column-tablecell\"><div class=\"fusion-clearfix\"><\/div><\/div><\/div><\/div><\/div><div class=\"fusion-clearfix\"><\/div><\/div><\/div>\n","protected":false},"excerpt":{"rendered":"","protected":false},"author":1,"featured_media":0,"parent":0,"menu_order":0,"comment_status":"open","ping_status":"closed","template":"100-width.php","meta":[],"_links":{"self":[{"href":"https:\/\/16599transmedia.org.mx\/index.php\/wp-json\/wp\/v2\/pages\/73"}],"collection":[{"href":"https:\/\/16599transmedia.org.mx\/index.php\/wp-json\/wp\/v2\/pages"}],"about":[{"href":"https:\/\/16599transmedia.org.mx\/index.php\/wp-json\/wp\/v2\/types\/page"}],"author":[{"embeddable":true,"href":"https:\/\/16599transmedia.org.mx\/index.php\/wp-json\/wp\/v2\/users\/1"}],"replies":[{"embeddable":true,"href":"https:\/\/16599transmedia.org.mx\/index.php\/wp-json\/wp\/v2\/comments?post=73"}],"version-history":[{"count":105,"href":"https:\/\/16599transmedia.org.mx\/index.php\/wp-json\/wp\/v2\/pages\/73\/revisions"}],"predecessor-version":[{"id":1960,"href":"https:\/\/16599transmedia.org.mx\/index.php\/wp-json\/wp\/v2\/pages\/73\/revisions\/1960"}],"wp:attachment":[{"href":"https:\/\/16599transmedia.org.mx\/index.php\/wp-json\/wp\/v2\/media?parent=73"}],"curies":[{"name":"wp","href":"https:\/\/api.w.org\/{rel}","templated":true}]}}